{"id":748,"date":"2019-10-16T07:27:35","date_gmt":"2019-10-16T07:27:35","guid":{"rendered":"https:\/\/trenesturisticos.info\/la-nostra-historia\/"},"modified":"2026-03-30T12:53:04","modified_gmt":"2026-03-30T12:53:04","slug":"la-nostra-historia","status":"publish","type":"page","link":"https:\/\/trenesturisticos.info\/ca\/la-nostra-historia\/","title":{"rendered":"La Nostra Hist\u00f2ria"},"content":{"rendered":"\n<style type=\"text\/css\" data-created_by=\"avia_inline_auto\" id=\"style-css-av-6djaie-89f791f63a9ab4aea6f4096e01f54e2a\">\n.avia-section.av-6djaie-89f791f63a9ab4aea6f4096e01f54e2a{\nbackground-repeat:no-repeat;\nbackground-image:url(https:\/\/trenesturisticos.info\/wp-content\/uploads\/2019\/05\/TRENET-1OK.jpg);\nbackground-position:50% 50%;\nbackground-attachment:scroll;\n}\n.avia-section.av-6djaie-89f791f63a9ab4aea6f4096e01f54e2a .av-section-color-overlay{\nopacity:0.4;\nbackground-color:#000000;\n}\n<\/style>\n<div id='av_section_1'  class='avia-section av-6djaie-89f791f63a9ab4aea6f4096e01f54e2a main_color avia-section-large avia-no-border-styling  avia-builder-el-0  el_before_av_section  avia-builder-el-first  avia-full-stretch avia-bg-style-scroll av-section-color-overlay-active container_wrap sidebar_right'  data-section-bg-repeat='stretch'><div class=\"av-section-color-overlay-wrap\"><div class=\"av-section-color-overlay\"><\/div><div class='container av-section-cont-open' ><main  role=\"main\" itemprop=\"mainContentOfPage\"  class='template-page content  av-content-small alpha units'><div class='post-entry post-entry-type-page post-entry-748'><div class='entry-content-wrapper clearfix'>\n\n<style type=\"text\/css\" data-created_by=\"avia_inline_auto\" id=\"style-css-av-jwukzf5q-697fcf661ab0a57027711e524728c066\">\n#top .av-special-heading.av-jwukzf5q-697fcf661ab0a57027711e524728c066{\npadding-bottom:10px;\ncolor:#ffffff;\nfont-size:70px;\n}\nbody .av-special-heading.av-jwukzf5q-697fcf661ab0a57027711e524728c066 .av-special-heading-tag .heading-char{\nfont-size:25px;\n}\n#top #wrap_all .av-special-heading.av-jwukzf5q-697fcf661ab0a57027711e524728c066 .av-special-heading-tag{\nfont-size:70px;\n}\n.av-special-heading.av-jwukzf5q-697fcf661ab0a57027711e524728c066 .special-heading-inner-border{\nborder-color:#ffffff;\n}\n.av-special-heading.av-jwukzf5q-697fcf661ab0a57027711e524728c066 .av-subheading{\nfont-size:15px;\n}\n\n@media only screen and (min-width: 480px) and (max-width: 767px){ \n#top #wrap_all .av-special-heading.av-jwukzf5q-697fcf661ab0a57027711e524728c066 .av-special-heading-tag{\nfont-size:0.8em;\n}\n}\n\n@media only screen and (max-width: 479px){ \n#top #wrap_all .av-special-heading.av-jwukzf5q-697fcf661ab0a57027711e524728c066 .av-special-heading-tag{\nfont-size:0.8em;\n}\n}\n<\/style>\n<div  class='av-special-heading av-jwukzf5q-697fcf661ab0a57027711e524728c066 av-special-heading-h6 custom-color-heading blockquote modern-quote modern-centered  avia-builder-el-1  avia-builder-el-no-sibling  av-inherit-size'><h6 class='av-special-heading-tag '  itemprop=\"headline\"  >La Nostra Hist\u00f2ria<\/h6><div class=\"special-heading-border\"><div class=\"special-heading-inner-border\"><\/div><\/div><\/div>\n\n<\/div><\/div><\/main><!-- close content main element --><\/div><\/div><\/div><div id='av_section_2'  class='avia-section av-lx9p2-fe9c2daa491c9664e7ee5c3f84605a1e main_color avia-section-default avia-no-shadow  avia-builder-el-2  el_after_av_section  avia-builder-el-last  avia-bg-style-scroll container_wrap sidebar_right'  ><div class='container av-section-cont-open' ><div class='template-page content  av-content-small alpha units'><div class='post-entry post-entry-type-page post-entry-748'><div class='entry-content-wrapper clearfix'>\n\n<style type=\"text\/css\" data-created_by=\"avia_inline_auto\" id=\"style-css-av-5y0kba-18bdf260da2fc9819509d998e8db0305\">\n.flex_column.av-5y0kba-18bdf260da2fc9819509d998e8db0305{\nborder-radius:0px 0px 0px 0px;\npadding:0px 0px 0px 0px;\n}\n<\/style>\n<div  class='flex_column av-5y0kba-18bdf260da2fc9819509d998e8db0305 av_one_half  avia-builder-el-3  el_before_av_one_half  avia-builder-el-first  first flex_column_div av-animated-generic bottom-to-top av-zero-column-padding  '     ><p>\n<style type=\"text\/css\" data-created_by=\"avia_inline_auto\" id=\"style-css-av-rkha6-793d5c578af7cbf4f9ad0f6a0b242c57\">\n#top .av-special-heading.av-rkha6-793d5c578af7cbf4f9ad0f6a0b242c57{\npadding-bottom:20px;\nfont-size:34px;\n}\nbody .av-special-heading.av-rkha6-793d5c578af7cbf4f9ad0f6a0b242c57 .av-special-heading-tag .heading-char{\nfont-size:25px;\n}\n#top #wrap_all .av-special-heading.av-rkha6-793d5c578af7cbf4f9ad0f6a0b242c57 .av-special-heading-tag{\nfont-size:34px;\n}\n.av-special-heading.av-rkha6-793d5c578af7cbf4f9ad0f6a0b242c57 .av-subheading{\nfont-size:15px;\n}\n\n@media only screen and (min-width: 480px) and (max-width: 767px){ \n#top #wrap_all .av-special-heading.av-rkha6-793d5c578af7cbf4f9ad0f6a0b242c57 .av-special-heading-tag{\nfont-size:0.8em;\n}\n}\n\n@media only screen and (max-width: 479px){ \n#top #wrap_all .av-special-heading.av-rkha6-793d5c578af7cbf4f9ad0f6a0b242c57 .av-special-heading-tag{\nfont-size:0.8em;\n}\n}\n<\/style>\n<div  class='av-special-heading av-rkha6-793d5c578af7cbf4f9ad0f6a0b242c57 av-special-heading-h3 blockquote modern-quote  avia-builder-el-4  el_before_av_textblock  avia-builder-el-first  av-inherit-size'><h3 class='av-special-heading-tag '  itemprop=\"headline\"  >El Vendrell<\/h3><div class=\"special-heading-border\"><div class=\"special-heading-inner-border\"><\/div><\/div><\/div><br \/>\n<section  class='av_textblock_section av-5lh386-99274573e74bee2b571e73f93946ba23 '   itemscope=\"itemscope\" itemtype=\"https:\/\/schema.org\/CreativeWork\" ><div class='avia_textblock'  itemprop=\"text\" ><p>L&#8217;any 1997 vam decidir construir el nostre primer tren, al Vendrell provincia de Tarragona, sent aquest el <strong>primer<\/strong> <strong>tren tur\u00edstic<\/strong> de la comarca, que va donar inici a una nova era en el sector del transport tur\u00edstic. El nostre objectiu es va veure satisfet amb la gran acollida del nostre tren parell el poble del Vendrell, els seus hotels, les seves platges pr\u00f2ximes, els seus comer\u00e7os &#8230;<\/p>\n<p>La soluci\u00f3 al transport tur\u00edstic havia nascut!<\/p>\n<\/div><\/section><\/p><\/div>\n<style type=\"text\/css\" data-created_by=\"avia_inline_auto\" id=\"style-css-av-5cx74e-6d2b51f8402e4aa2197e76e4dfb1a287\">\n.flex_column.av-5cx74e-6d2b51f8402e4aa2197e76e4dfb1a287{\nborder-radius:0px 0px 0px 0px;\npadding:0px 0px 0px 0px;\n}\n<\/style>\n<div  class='flex_column av-5cx74e-6d2b51f8402e4aa2197e76e4dfb1a287 av_one_half  avia-builder-el-6  el_after_av_one_half  el_before_av_hr  flex_column_div av-animated-generic bottom-to-top av-zero-column-padding  '     ><p>\n<style type=\"text\/css\" data-created_by=\"avia_inline_auto\" id=\"style-css-av-kxsou-1d5d4eb944fbaa67f20014cdc4ee5ef4\">\n#top .av-special-heading.av-kxsou-1d5d4eb944fbaa67f20014cdc4ee5ef4{\npadding-bottom:20px;\nfont-size:34px;\n}\nbody .av-special-heading.av-kxsou-1d5d4eb944fbaa67f20014cdc4ee5ef4 .av-special-heading-tag .heading-char{\nfont-size:25px;\n}\n#top #wrap_all .av-special-heading.av-kxsou-1d5d4eb944fbaa67f20014cdc4ee5ef4 .av-special-heading-tag{\nfont-size:34px;\n}\n.av-special-heading.av-kxsou-1d5d4eb944fbaa67f20014cdc4ee5ef4 .av-subheading{\nfont-size:15px;\n}\n\n@media only screen and (min-width: 480px) and (max-width: 767px){ \n#top #wrap_all .av-special-heading.av-kxsou-1d5d4eb944fbaa67f20014cdc4ee5ef4 .av-special-heading-tag{\nfont-size:0.8em;\n}\n}\n\n@media only screen and (max-width: 479px){ \n#top #wrap_all .av-special-heading.av-kxsou-1d5d4eb944fbaa67f20014cdc4ee5ef4 .av-special-heading-tag{\nfont-size:0.8em;\n}\n}\n<\/style>\n<div  class='av-special-heading av-kxsou-1d5d4eb944fbaa67f20014cdc4ee5ef4 av-special-heading-h3 blockquote modern-quote  avia-builder-el-7  el_before_av_textblock  avia-builder-el-first  av-inherit-size'><h3 class='av-special-heading-tag '  itemprop=\"headline\"  >Calella i Platja D\u2019Aro<\/h3><div class=\"special-heading-border\"><div class=\"special-heading-inner-border\"><\/div><\/div><\/div><br \/>\n<section  class='av_textblock_section av-527l6e-99c6358d7bb070ee9c975e8cfbb24afe '   itemscope=\"itemscope\" itemtype=\"https:\/\/schema.org\/CreativeWork\" ><div class='avia_textblock'  itemprop=\"text\" ><p>La demanda dels nostres trens va arribar a expandir-se en 1998 a la ciutat de Calella, primera gran beneficiada al Maresme. Creant sempre un <strong>disseny<\/strong> exterior <strong>atractiu<\/strong>, en conjunt amb l&#8217;arquitectura de la ciutat ens sentim orgullosos dels nostres trens.<\/p>\n<p>L&#8217;any 2000 Platja D&#8217;Aro ens va encomanar la creaci\u00f3 d&#8217;una ruta amb els nostres trens tur\u00edstics, per afegir aquesta al seu nou pla tur\u00edstic.<\/p>\n<\/div><\/section><\/p><\/div>\n<style type=\"text\/css\" data-created_by=\"avia_inline_auto\" id=\"style-css-av-jwvtto3p-0bde29e1c18eb53e00cc2496054ad4e6\">\n#top .hr.hr-invisible.av-jwvtto3p-0bde29e1c18eb53e00cc2496054ad4e6{\nheight:50px;\n}\n<\/style>\n<div  class='hr av-jwvtto3p-0bde29e1c18eb53e00cc2496054ad4e6 hr-invisible  avia-builder-el-9  el_after_av_one_half  el_before_av_timeline '><span class='hr-inner '><span class=\"hr-inner-style\"><\/span><\/span><\/div>\n\n<style type=\"text\/css\" data-created_by=\"avia_inline_auto\" id=\"style-css-sub-av-jwulc525-017782ad81653722543afade128f012b\">\n.avia-timeline-container .av-milestone.av-pzoj2-ed95dab51bf6510377ea4baaa293e687 .av-milestone-icon-inner{\nbackground-color:#e8cb58;\n}\n.avia-timeline-container .av-milestone.av-pzoj2-ed95dab51bf6510377ea4baaa293e687 .av-milestone-indicator{\nbackground-color:#e8cb58;\n}\n.avia-timeline-container .av-milestone.av-pzoj2-ed95dab51bf6510377ea4baaa293e687 .av-milestone-article-footer{\nbackground-color:#e8cb58;\n}\n.avia-timeline-container .av-milestone.av-jhjim-7f82b4c697d33bf827eb913b9b037185 .av-milestone-icon-inner{\nbackground-color:#e8cb58;\n}\n.avia-timeline-container .av-milestone.av-jhjim-7f82b4c697d33bf827eb913b9b037185 .av-milestone-indicator{\nbackground-color:#e8cb58;\n}\n.avia-timeline-container .av-milestone.av-jhjim-7f82b4c697d33bf827eb913b9b037185 .av-milestone-article-footer{\nbackground-color:#e8cb58;\n}\n.avia-timeline-container .av-milestone.av-fpbyu-0438e4642fc11ecbebce5548f4810013 .av-milestone-icon-inner{\nbackground-color:#e8cb58;\n}\n.avia-timeline-container .av-milestone.av-fpbyu-0438e4642fc11ecbebce5548f4810013 .av-milestone-indicator{\nbackground-color:#e8cb58;\n}\n.avia-timeline-container .av-milestone.av-fpbyu-0438e4642fc11ecbebce5548f4810013 .av-milestone-article-footer{\nbackground-color:#e8cb58;\n}\n.avia-timeline-container .av-milestone.av-l7p66-96b4ce86d5047f73c2a6aa3defddd1cc .av-milestone-icon-inner{\nbackground-color:#e8cb58;\n}\n.avia-timeline-container .av-milestone.av-l7p66-96b4ce86d5047f73c2a6aa3defddd1cc .av-milestone-indicator{\nbackground-color:#e8cb58;\n}\n.avia-timeline-container .av-milestone.av-l7p66-96b4ce86d5047f73c2a6aa3defddd1cc .av-milestone-article-footer{\nbackground-color:#e8cb58;\n}\n.avia-timeline-container .av-milestone.av-l7p66-70545d6b0293a52383a159f8e1fd7122 .av-milestone-icon-inner{\nbackground-color:#e8cb58;\n}\n.avia-timeline-container .av-milestone.av-l7p66-70545d6b0293a52383a159f8e1fd7122 .av-milestone-indicator{\nbackground-color:#e8cb58;\n}\n.avia-timeline-container .av-milestone.av-l7p66-70545d6b0293a52383a159f8e1fd7122 .av-milestone-article-footer{\nbackground-color:#e8cb58;\n}\n<\/style>\n<div  id=\"avia-timeline-1\"  class='avia-timeline-container av-jwulc525-017782ad81653722543afade128f012b av-slideshow-ui  avia-builder-el-10  el_after_av_hr  el_before_av_hr  avia-slideshow-carousel' avia-data-slides='4'><ul class='avia-timeline avia-timeline-horizontal av-milestone-placement-top avia-timeline-boxshadow avia_animate_when_almost_visible avia-timeline-animate'>\n<li  class='av-milestone av-pzoj2-ed95dab51bf6510377ea4baaa293e687 av-animated-generic fade-in av-milestone-odd'><h2 class='av-milestone-date ' id='milestone-1997' ><strong>1997<span class='av-milestone-indicator'><\/span><\/strong><\/h2><div class=\"av-milestone-icon-wrap\"><span class='av-milestone-icon milestone_icon avia-font-entypo-fontello'><span class='av-milestone-icon-inner milestone_inner'><i class='milestone-char avia-iconfont avia-font-entypo-fontello' data-av_icon='\ue808' data-av_iconfont='entypo-fontello' ><\/i><\/span><\/span><\/div><article class='av-milestone-content-wrap'><div class='av-milestone-contentbox'><header class=\"entry-content-header\" aria-label=\"Milestone: El Vendrell\"><h4 class='av-milestone-title '>El Vendrell<\/h4><\/header><div class='av-milestone-content'><p>Constru\u00efm el nostre primer tren, i <strong>primer tren tur\u00edstic<\/strong> la comarca del Vendrell prov\u00edncia de Tarragona.<\/p>\n<\/div><\/div><footer class='av-milestone-article-footer entry-footer'><\/footer><\/article><\/li>\n<li  class='av-milestone av-jhjim-7f82b4c697d33bf827eb913b9b037185 av-animated-generic fade-in av-milestone-even'><h2 class='av-milestone-date ' id='milestone-1998' ><strong>1998<span class='av-milestone-indicator'><\/span><\/strong><\/h2><div class=\"av-milestone-icon-wrap\"><span class='av-milestone-icon milestone_icon avia-font-entypo-fontello'><span class='av-milestone-icon-inner milestone_inner'><i class='milestone-char avia-iconfont avia-font-entypo-fontello' data-av_icon='\ue808' data-av_iconfont='entypo-fontello' ><\/i><\/span><\/span><\/div><article class='av-milestone-content-wrap'><div class='av-milestone-contentbox'><header class=\"entry-content-header\" aria-label=\"Milestone: Calella\"><h4 class='av-milestone-title '>Calella<\/h4><\/header><div class='av-milestone-content'><p>La demanda d&#8217;nostres trens s&#8217;expandeix a la comarca del Maresme a la vila de Calella<\/p>\n<\/div><\/div><footer class='av-milestone-article-footer entry-footer'><\/footer><\/article><\/li>\n<li  class='av-milestone av-fpbyu-0438e4642fc11ecbebce5548f4810013 av-animated-generic fade-in av-milestone-odd'><h2 class='av-milestone-date ' id='milestone-2000' ><strong>2000<span class='av-milestone-indicator'><\/span><\/strong><\/h2><div class=\"av-milestone-icon-wrap\"><span class='av-milestone-icon milestone_icon avia-font-entypo-fontello'><span class='av-milestone-icon-inner milestone_inner'><i class='milestone-char avia-iconfont avia-font-entypo-fontello' data-av_icon='\ue808' data-av_iconfont='entypo-fontello' ><\/i><\/span><\/span><\/div><article class='av-milestone-content-wrap'><div class='av-milestone-contentbox'><header class=\"entry-content-header\" aria-label=\"Milestone: Platja D\u2019Aro\"><h4 class='av-milestone-title '>Platja D\u2019Aro<\/h4><\/header><div class='av-milestone-content'><p>Els nostres trens arriben a Platja D&#8217;Aro a la Costa Brava catalana<\/p>\n<\/div><\/div><footer class='av-milestone-article-footer entry-footer'><\/footer><\/article><\/li>\n<li  class='av-milestone av-l7p66-96b4ce86d5047f73c2a6aa3defddd1cc av-animated-generic fade-in av-milestone-even'><h2 class='av-milestone-date ' id='milestone-2007-2022' ><strong>2007- 2022<span class='av-milestone-indicator'><\/span><\/strong><\/h2><div class=\"av-milestone-icon-wrap\"><span class='av-milestone-icon milestone_icon avia-font-entypo-fontello'><span class='av-milestone-icon-inner milestone_inner'><i class='milestone-char avia-iconfont avia-font-entypo-fontello' data-av_icon='\ue808' data-av_iconfont='entypo-fontello' ><\/i><\/span><\/span><\/div><article class='av-milestone-content-wrap'><div class='av-milestone-contentbox'><header class=\"entry-content-header\" aria-label=\"Milestone: Santa Susana i Pineda de Mar\"><h4 class='av-milestone-title '>Santa Susana i Pineda de Mar<\/h4><\/header><div class='av-milestone-content'><p>Atrets per l&#8217;encant del Maresme, ampliem els nostres serveis de transport escolar i tur\u00edstic.<\/p>\n<\/div><\/div><footer class='av-milestone-article-footer entry-footer'><\/footer><\/article><\/li>\n<li  class='av-milestone av-l7p66-70545d6b0293a52383a159f8e1fd7122 av-animated-generic fade-in av-milestone-odd'><h2 class='av-milestone-date ' id='milestone-actualment' ><strong>Actualment<span class='av-milestone-indicator'><\/span><\/strong><\/h2><div class=\"av-milestone-icon-wrap\"><span class='av-milestone-icon milestone_icon avia-font-entypo-fontello'><span class='av-milestone-icon-inner milestone_inner'><i class='milestone-char avia-iconfont avia-font-entypo-fontello' data-av_icon='\ue808' data-av_iconfont='entypo-fontello' ><\/i><\/span><\/span><\/div><article class='av-milestone-content-wrap'><div class='av-milestone-contentbox'><header class=\"entry-content-header\" aria-label=\"Milestone: Pineda de Mar\"><h4 class='av-milestone-title '>Pineda de Mar<\/h4><\/header><div class='av-milestone-content'><p>Avui seguim operant des de Pineda de Mar, oferint serveis de transport escolar i tur\u00edstic adaptats a les necessitats actuals, amb un enfocament a la qualitat, la proximitat i la millora cont\u00ednua.<\/p>\n<\/div><\/div><footer class='av-milestone-article-footer entry-footer'><\/footer><\/article><\/li>\n<\/ul><div class='avia-slideshow-arrows avia-slideshow-controls av-timeline-nav ' ><a href='#prev' class='prev-slide prev-slide av-timeline-nav-prev av-nav-btn avia-svg-icon avia-font-svg_entypo-fontello' data-av_svg_icon='left-open-big' data-av_iconset='svg_entypo-fontello' tabindex='-1' title=\"Anterior\"><svg version=\"1.1\" xmlns=\"http:\/\/www.w3.org\/2000\/svg\" width=\"15\" height=\"32\" viewBox=\"0 0 15 32\" preserveAspectRatio=\"xMidYMid meet\" aria-labelledby='av-svg-title-1' aria-describedby='av-svg-desc-1' role=\"graphics-symbol\" aria-hidden=\"true\">\n<title id='av-svg-title-1'>Anterior<\/title>\n<desc id='av-svg-desc-1'>Anterior<\/desc>\n<path d=\"M14.464 27.84q0.832 0.832 0 1.536-0.832 0.832-1.536 0l-12.544-12.608q-0.768-0.768 0-1.6l12.544-12.608q0.704-0.832 1.536 0 0.832 0.704 0 1.536l-11.456 11.904z\"><\/path>\n<\/svg><span class='avia_hidden_link_text'>Anterior<\/span><\/a><a href='#next' class='next-slide next-slide av-timeline-nav-next av-nav-btn avia-svg-icon avia-font-svg_entypo-fontello' data-av_svg_icon='right-open-big' data-av_iconset='svg_entypo-fontello' tabindex='-1' title=\"Seg\u00fcent\"><svg version=\"1.1\" xmlns=\"http:\/\/www.w3.org\/2000\/svg\" width=\"15\" height=\"32\" viewBox=\"0 0 15 32\" preserveAspectRatio=\"xMidYMid meet\" aria-labelledby='av-svg-title-2' aria-describedby='av-svg-desc-2' role=\"graphics-symbol\" aria-hidden=\"true\">\n<title id='av-svg-title-2'>Seg\u00fcent<\/title>\n<desc id='av-svg-desc-2'>Seg\u00fcent<\/desc>\n<path d=\"M0.416 27.84l11.456-11.84-11.456-11.904q-0.832-0.832 0-1.536 0.832-0.832 1.536 0l12.544 12.608q0.768 0.832 0 1.6l-12.544 12.608q-0.704 0.832-1.536 0-0.832-0.704 0-1.536z\"><\/path>\n<\/svg><span class='avia_hidden_link_text'>Seg\u00fcent<\/span><\/a><\/div><\/div>\n\n<style type=\"text\/css\" data-created_by=\"avia_inline_auto\" id=\"style-css-av-jwvtto3p-0bde29e1c18eb53e00cc2496054ad4e6\">\n#top .hr.hr-invisible.av-jwvtto3p-0bde29e1c18eb53e00cc2496054ad4e6{\nheight:50px;\n}\n<\/style>\n<div  class='hr av-jwvtto3p-0bde29e1c18eb53e00cc2496054ad4e6 hr-invisible  avia-builder-el-11  el_after_av_timeline  el_before_av_one_half '><span class='hr-inner '><span class=\"hr-inner-style\"><\/span><\/span><\/div>\n\n<style type=\"text\/css\" data-created_by=\"avia_inline_auto\" id=\"style-css-av-5y0kba-18bdf260da2fc9819509d998e8db0305\">\n.flex_column.av-5y0kba-18bdf260da2fc9819509d998e8db0305{\nborder-radius:0px 0px 0px 0px;\npadding:0px 0px 0px 0px;\n}\n<\/style>\n<div  class='flex_column av-5y0kba-18bdf260da2fc9819509d998e8db0305 av_one_half  avia-builder-el-12  el_after_av_hr  el_before_av_one_half  first flex_column_div av-animated-generic bottom-to-top av-zero-column-padding  '     ><p>\n<style type=\"text\/css\" data-created_by=\"avia_inline_auto\" id=\"style-css-av-eklx2-d8e2db8f66d695462ffe5ad4c9622032\">\n#top .av-special-heading.av-eklx2-d8e2db8f66d695462ffe5ad4c9622032{\npadding-bottom:20px;\nfont-size:34px;\n}\nbody .av-special-heading.av-eklx2-d8e2db8f66d695462ffe5ad4c9622032 .av-special-heading-tag .heading-char{\nfont-size:25px;\n}\n#top #wrap_all .av-special-heading.av-eklx2-d8e2db8f66d695462ffe5ad4c9622032 .av-special-heading-tag{\nfont-size:34px;\n}\n.av-special-heading.av-eklx2-d8e2db8f66d695462ffe5ad4c9622032 .av-subheading{\nfont-size:15px;\n}\n\n@media only screen and (min-width: 480px) and (max-width: 767px){ \n#top #wrap_all .av-special-heading.av-eklx2-d8e2db8f66d695462ffe5ad4c9622032 .av-special-heading-tag{\nfont-size:0.8em;\n}\n}\n\n@media only screen and (max-width: 479px){ \n#top #wrap_all .av-special-heading.av-eklx2-d8e2db8f66d695462ffe5ad4c9622032 .av-special-heading-tag{\nfont-size:0.8em;\n}\n}\n<\/style>\n<div  class='av-special-heading av-eklx2-d8e2db8f66d695462ffe5ad4c9622032 av-special-heading-h3 blockquote modern-quote  avia-builder-el-13  el_before_av_textblock  avia-builder-el-first  av-inherit-size'><h3 class='av-special-heading-tag '  itemprop=\"headline\"  >Santa Susanna<\/h3><div class=\"special-heading-border\"><div class=\"special-heading-inner-border\"><\/div><\/div><\/div><br \/>\n<section  class='av_textblock_section av-527l6e-99c6358d7bb070ee9c975e8cfbb24afe '   itemscope=\"itemscope\" itemtype=\"https:\/\/schema.org\/CreativeWork\" ><div class='avia_textblock'  itemprop=\"text\" ><p>Ha estat a Santa Susanna on l&#8217;empresa ha <strong>ampliat<\/strong> i diversificat els seus <strong>serveis<\/strong> de transports escolars i tur\u00edstics per a tota la fam\u00edlia. Actualment posseeix l&#8217;empresa 1 microb\u00fas, dedicats al servei del transport escolar. El <strong>transport escolar<\/strong> es basa en el trajecte i la seva perif\u00e8ria, aix\u00ed com tur\u00edstic. Les zones residencials pertanyents al municipi, s\u00f3n les m\u00e9s beneficiades per aquest trajecte.<\/p>\n<\/div><\/section><\/p><\/div>\n<style type=\"text\/css\" data-created_by=\"avia_inline_auto\" id=\"style-css-av-5cx74e-6d2b51f8402e4aa2197e76e4dfb1a287\">\n.flex_column.av-5cx74e-6d2b51f8402e4aa2197e76e4dfb1a287{\nborder-radius:0px 0px 0px 0px;\npadding:0px 0px 0px 0px;\n}\n<\/style>\n<div  class='flex_column av-5cx74e-6d2b51f8402e4aa2197e76e4dfb1a287 av_one_half  avia-builder-el-15  el_after_av_one_half  avia-builder-el-last  flex_column_div av-animated-generic bottom-to-top av-zero-column-padding  '     ><p>\n<style type=\"text\/css\" data-created_by=\"avia_inline_auto\" id=\"style-css-av-6z83i-49f4480fc80f352be559202f401696de\">\n#top .av-special-heading.av-6z83i-49f4480fc80f352be559202f401696de{\npadding-bottom:20px;\nfont-size:34px;\n}\nbody .av-special-heading.av-6z83i-49f4480fc80f352be559202f401696de .av-special-heading-tag .heading-char{\nfont-size:25px;\n}\n#top #wrap_all .av-special-heading.av-6z83i-49f4480fc80f352be559202f401696de .av-special-heading-tag{\nfont-size:34px;\n}\n.av-special-heading.av-6z83i-49f4480fc80f352be559202f401696de .av-subheading{\nfont-size:15px;\n}\n\n@media only screen and (min-width: 480px) and (max-width: 767px){ \n#top #wrap_all .av-special-heading.av-6z83i-49f4480fc80f352be559202f401696de .av-special-heading-tag{\nfont-size:0.8em;\n}\n}\n\n@media only screen and (max-width: 479px){ \n#top #wrap_all .av-special-heading.av-6z83i-49f4480fc80f352be559202f401696de .av-special-heading-tag{\nfont-size:0.8em;\n}\n}\n<\/style>\n<div  class='av-special-heading av-6z83i-49f4480fc80f352be559202f401696de av-special-heading-h3 blockquote modern-quote  avia-builder-el-16  el_before_av_textblock  avia-builder-el-first  av-inherit-size'><h3 class='av-special-heading-tag '  itemprop=\"headline\"  >Pineda de Mar<\/h3><div class=\"special-heading-border\"><div class=\"special-heading-inner-border\"><\/div><\/div><\/div><br \/>\n<section  class='av_textblock_section av-527l6e-99c6358d7bb070ee9c975e8cfbb24afe '   itemscope=\"itemscope\" itemtype=\"https:\/\/schema.org\/CreativeWork\" ><div class='avia_textblock'  itemprop=\"text\" ><p>La nostra \u00faltima experi\u00e8ncia arriba a Pineda de Mar, situada a la comarca del Maresme. La nostra empresa, ofereix a la poblaci\u00f3 de Pineda de Mar i els seus visitants la possibilitat de endinsar-se en la vida quotidiana dels seus habitants, per\u00f2 que al mateix temps els permet gaudir de la <strong>bellesa<\/strong> del <strong>recorregut<\/strong>, i descobrir el meravell\u00f3s entorn de la poblaci\u00f3 per gaudir amb tota la fam\u00edlia.<\/p>\n<\/div><\/section><\/p><\/div><\/div><\/div><\/div><!-- close content main div --><\/div><\/div><div id='after_section_2'  class='main_color av_default_container_wrap container_wrap sidebar_right'  ><div class='container av-section-cont-open' ><div class='template-page content  av-content-small alpha units'><div class='post-entry post-entry-type-page post-entry-748'><div class='entry-content-wrapper clearfix'>\n","protected":false},"excerpt":{"rendered":"","protected":false},"author":1,"featured_media":0,"parent":0,"menu_order":0,"comment_status":"open","ping_status":"closed","template":"","meta":{"footnotes":""},"class_list":["post-748","page","type-page","status-publish","hentry"],"yoast_head":"<!-- This site is optimized with the Yoast SEO plugin v27.5 - https:\/\/yoast.com\/product\/yoast-seo-wordpress\/ -->\n<title>La Nostra Hist\u00f2ria - Trenes Tur\u00edsticos<\/title>\n<meta name=\"robots\" content=\"index, follow, max-snippet:-1, max-image-preview:large, max-video-preview:-1\" \/>\n<link rel=\"canonical\" href=\"https:\/\/trenesturisticos.info\/ca\/la-nostra-historia\/\" \/>\n<meta property=\"og:locale\" content=\"ca_ES\" \/>\n<meta property=\"og:type\" content=\"article\" \/>\n<meta property=\"og:title\" content=\"La Nostra Hist\u00f2ria - Trenes Tur\u00edsticos\" \/>\n<meta property=\"og:url\" content=\"https:\/\/trenesturisticos.info\/ca\/la-nostra-historia\/\" \/>\n<meta property=\"og:site_name\" content=\"Trenes Tur\u00edsticos\" \/>\n<meta property=\"article:modified_time\" content=\"2026-03-30T12:53:04+00:00\" \/>\n<meta name=\"twitter:card\" content=\"summary_large_image\" \/>\n<meta name=\"twitter:label1\" content=\"Temps estimat de lectura\" \/>\n\t<meta name=\"twitter:data1\" content=\"2 minuts\" \/>\n<script type=\"application\/ld+json\" class=\"yoast-schema-graph\">{\"@context\":\"https:\\\/\\\/schema.org\",\"@graph\":[{\"@type\":\"WebPage\",\"@id\":\"https:\\\/\\\/trenesturisticos.info\\\/ca\\\/la-nostra-historia\\\/\",\"url\":\"https:\\\/\\\/trenesturisticos.info\\\/ca\\\/la-nostra-historia\\\/\",\"name\":\"La Nostra Hist\u00f2ria - Trenes Tur\u00edsticos\",\"isPartOf\":{\"@id\":\"https:\\\/\\\/trenesturisticos.info\\\/ca\\\/#website\"},\"datePublished\":\"2019-10-16T07:27:35+00:00\",\"dateModified\":\"2026-03-30T12:53:04+00:00\",\"breadcrumb\":{\"@id\":\"https:\\\/\\\/trenesturisticos.info\\\/ca\\\/la-nostra-historia\\\/#breadcrumb\"},\"inLanguage\":\"ca\",\"potentialAction\":[{\"@type\":\"ReadAction\",\"target\":[\"https:\\\/\\\/trenesturisticos.info\\\/ca\\\/la-nostra-historia\\\/\"]}]},{\"@type\":\"BreadcrumbList\",\"@id\":\"https:\\\/\\\/trenesturisticos.info\\\/ca\\\/la-nostra-historia\\\/#breadcrumb\",\"itemListElement\":[{\"@type\":\"ListItem\",\"position\":1,\"name\":\"Portada\",\"item\":\"https:\\\/\\\/trenesturisticos.info\\\/ca\\\/inici\\\/\"},{\"@type\":\"ListItem\",\"position\":2,\"name\":\"La Nostra Hist\u00f2ria\"}]},{\"@type\":\"WebSite\",\"@id\":\"https:\\\/\\\/trenesturisticos.info\\\/ca\\\/#website\",\"url\":\"https:\\\/\\\/trenesturisticos.info\\\/ca\\\/\",\"name\":\"Trenes Tur\u00edsticos Santa Susanna y Pineda\",\"description\":\"Trenes Tur\u00edsticos\",\"potentialAction\":[{\"@type\":\"SearchAction\",\"target\":{\"@type\":\"EntryPoint\",\"urlTemplate\":\"https:\\\/\\\/trenesturisticos.info\\\/ca\\\/?s={search_term_string}\"},\"query-input\":{\"@type\":\"PropertyValueSpecification\",\"valueRequired\":true,\"valueName\":\"search_term_string\"}}],\"inLanguage\":\"ca\"}]}<\/script>\n<!-- \/ Yoast SEO plugin. -->","yoast_head_json":{"title":"La Nostra Hist\u00f2ria - Trenes Tur\u00edsticos","robots":{"index":"index","follow":"follow","max-snippet":"max-snippet:-1","max-image-preview":"max-image-preview:large","max-video-preview":"max-video-preview:-1"},"canonical":"https:\/\/trenesturisticos.info\/ca\/la-nostra-historia\/","og_locale":"ca_ES","og_type":"article","og_title":"La Nostra Hist\u00f2ria - Trenes Tur\u00edsticos","og_url":"https:\/\/trenesturisticos.info\/ca\/la-nostra-historia\/","og_site_name":"Trenes Tur\u00edsticos","article_modified_time":"2026-03-30T12:53:04+00:00","twitter_card":"summary_large_image","twitter_misc":{"Temps estimat de lectura":"2 minuts"},"schema":{"@context":"https:\/\/schema.org","@graph":[{"@type":"WebPage","@id":"https:\/\/trenesturisticos.info\/ca\/la-nostra-historia\/","url":"https:\/\/trenesturisticos.info\/ca\/la-nostra-historia\/","name":"La Nostra Hist\u00f2ria - Trenes Tur\u00edsticos","isPartOf":{"@id":"https:\/\/trenesturisticos.info\/ca\/#website"},"datePublished":"2019-10-16T07:27:35+00:00","dateModified":"2026-03-30T12:53:04+00:00","breadcrumb":{"@id":"https:\/\/trenesturisticos.info\/ca\/la-nostra-historia\/#breadcrumb"},"inLanguage":"ca","potentialAction":[{"@type":"ReadAction","target":["https:\/\/trenesturisticos.info\/ca\/la-nostra-historia\/"]}]},{"@type":"BreadcrumbList","@id":"https:\/\/trenesturisticos.info\/ca\/la-nostra-historia\/#breadcrumb","itemListElement":[{"@type":"ListItem","position":1,"name":"Portada","item":"https:\/\/trenesturisticos.info\/ca\/inici\/"},{"@type":"ListItem","position":2,"name":"La Nostra Hist\u00f2ria"}]},{"@type":"WebSite","@id":"https:\/\/trenesturisticos.info\/ca\/#website","url":"https:\/\/trenesturisticos.info\/ca\/","name":"Trenes Tur\u00edsticos Santa Susanna y Pineda","description":"Trenes Tur\u00edsticos","potentialAction":[{"@type":"SearchAction","target":{"@type":"EntryPoint","urlTemplate":"https:\/\/trenesturisticos.info\/ca\/?s={search_term_string}"},"query-input":{"@type":"PropertyValueSpecification","valueRequired":true,"valueName":"search_term_string"}}],"inLanguage":"ca"}]}},"_links":{"self":[{"href":"https:\/\/trenesturisticos.info\/ca\/wp-json\/wp\/v2\/pages\/748","targetHints":{"allow":["GET"]}}],"collection":[{"href":"https:\/\/trenesturisticos.info\/ca\/wp-json\/wp\/v2\/pages"}],"about":[{"href":"https:\/\/trenesturisticos.info\/ca\/wp-json\/wp\/v2\/types\/page"}],"author":[{"embeddable":true,"href":"https:\/\/trenesturisticos.info\/ca\/wp-json\/wp\/v2\/users\/1"}],"replies":[{"embeddable":true,"href":"https:\/\/trenesturisticos.info\/ca\/wp-json\/wp\/v2\/comments?post=748"}],"version-history":[{"count":0,"href":"https:\/\/trenesturisticos.info\/ca\/wp-json\/wp\/v2\/pages\/748\/revisions"}],"wp:attachment":[{"href":"https:\/\/trenesturisticos.info\/ca\/wp-json\/wp\/v2\/media?parent=748"}],"curies":[{"name":"wp","href":"https:\/\/api.w.org\/{rel}","templated":true}]}}